{"id":430,"date":"2022-08-01T19:27:00","date_gmt":"2022-08-01T18:27:00","guid":{"rendered":"http:\/\/raratheme.com\/preview\/business-one-page-pro\/?page_id=430"},"modified":"2022-10-06T08:21:12","modified_gmt":"2022-10-06T07:21:12","slug":"gallery-page","status":"publish","type":"page","link":"http:\/\/milanedl.cz\/?page_id=430","title":{"rendered":"Fotogalerie"},"content":{"rendered":"\n<figure class=\"wp-container-2 wp-block-gallery-1 wp-block-gallery has-nested-images columns-3 is-cropped\">\n<figure class=\"wp-block-image size-large\"><a href=\"http:\/\/milanedl.cz\/wp-content\/uploads\/2022\/10\/PK_spoluprace-scaled.jpg\"><img loading=\"lazy\" width=\"2560\" height=\"1707\" data-id=\"905\"  src=\"http:\/\/milanedl.cz\/wp-content\/uploads\/2022\/10\/PK_spoluprace-scaled.jpg\" alt=\"\" class=\"wp-image-905\" srcset=\"http:\/\/milanedl.cz\/wp-content\/uploads\/2022\/10\/PK_spoluprace-scaled.jpg 2560w, http:\/\/milanedl.cz\/wp-content\/uploads\/2022\/10\/PK_spoluprace-300x200.jpg 300w, http:\/\/milanedl.cz\/wp-content\/uploads\/2022\/10\/PK_spoluprace-1024x683.jpg 1024w, http:\/\/milanedl.cz\/wp-content\/uploads\/2022\/10\/PK_spoluprace-768x512.jpg 768w, http:\/\/milanedl.cz\/wp-content\/uploads\/2022\/10\/PK_spoluprace-1536x1024.jpg 1536w, http:\/\/milanedl.cz\/wp-content\/uploads\/2022\/10\/PK_spoluprace-2048x1365.jpg 2048w\" sizes=\"(max-width: 2560px) 100vw, 2560px\" \/><\/a><figcaption>Spolupr\u00e1ce s Plze\u0148sk\u00fdm krajem<\/figcaption><\/figure>\n\n\n\n<figure class=\"wp-block-image size-large\"><a href=\"http:\/\/milanedl.cz\/wp-content\/uploads\/2022\/09\/Prumyslova-rada-2019.jpeg\"><img loading=\"lazy\" width=\"2016\" height=\"1512\" data-id=\"788\"  src=\"http:\/\/milanedl.cz\/wp-content\/uploads\/2022\/09\/Prumyslova-rada-2019.jpeg\" alt=\"\" class=\"wp-image-788\" srcset=\"http:\/\/milanedl.cz\/wp-content\/uploads\/2022\/09\/Prumyslova-rada-2019.jpeg 2016w, http:\/\/milanedl.cz\/wp-content\/uploads\/2022\/09\/Prumyslova-rada-2019-300x225.jpeg 300w, http:\/\/milanedl.cz\/wp-content\/uploads\/2022\/09\/Prumyslova-rada-2019-1024x768.jpeg 1024w, http:\/\/milanedl.cz\/wp-content\/uploads\/2022\/09\/Prumyslova-rada-2019-768x576.jpeg 768w, http:\/\/milanedl.cz\/wp-content\/uploads\/2022\/09\/Prumyslova-rada-2019-1536x1152.jpeg 1536w\" sizes=\"(max-width: 2016px) 100vw, 2016px\" \/><\/a><figcaption>Pr\u016fmyslov\u00e1 rada (2019)<\/figcaption><\/figure>\n\n\n\n<figure class=\"wp-block-image size-large\"><a href=\"http:\/\/milanedl.cz\/wp-content\/uploads\/2022\/09\/Prumyslova-rada-2020.jpeg\"><img loading=\"lazy\" width=\"960\" height=\"720\" data-id=\"789\"  src=\"http:\/\/milanedl.cz\/wp-content\/uploads\/2022\/09\/Prumyslova-rada-2020.jpeg\" alt=\"\" class=\"wp-image-789\" srcset=\"http:\/\/milanedl.cz\/wp-content\/uploads\/2022\/09\/Prumyslova-rada-2020.jpeg 960w, http:\/\/milanedl.cz\/wp-content\/uploads\/2022\/09\/Prumyslova-rada-2020-300x225.jpeg 300w, http:\/\/milanedl.cz\/wp-content\/uploads\/2022\/09\/Prumyslova-rada-2020-768x576.jpeg 768w\" sizes=\"(max-width: 960px) 100vw, 960px\" \/><\/a><figcaption>Pr\u016fmyslov\u00e1 rada (2020)<\/figcaption><\/figure>\n\n\n\n<figure class=\"wp-block-image size-large\"><a href=\"http:\/\/milanedl.cz\/wp-content\/uploads\/2022\/09\/Prumyslova-rada-a-host-Pavel-Dolecek-2021.jpeg\"><img loading=\"lazy\" width=\"1201\" height=\"764\" data-id=\"790\"  src=\"http:\/\/milanedl.cz\/wp-content\/uploads\/2022\/09\/Prumyslova-rada-a-host-Pavel-Dolecek-2021.jpeg\" alt=\"\" class=\"wp-image-790\" srcset=\"http:\/\/milanedl.cz\/wp-content\/uploads\/2022\/09\/Prumyslova-rada-a-host-Pavel-Dolecek-2021.jpeg 1201w, http:\/\/milanedl.cz\/wp-content\/uploads\/2022\/09\/Prumyslova-rada-a-host-Pavel-Dolecek-2021-300x191.jpeg 300w, http:\/\/milanedl.cz\/wp-content\/uploads\/2022\/09\/Prumyslova-rada-a-host-Pavel-Dolecek-2021-1024x651.jpeg 1024w, http:\/\/milanedl.cz\/wp-content\/uploads\/2022\/09\/Prumyslova-rada-a-host-Pavel-Dolecek-2021-768x489.jpeg 768w\" sizes=\"(max-width: 1201px) 100vw, 1201px\" \/><\/a><figcaption>Pr\u016fmyslov\u00e1 rada a host Pavel Dole\u010dek (2021)<\/figcaption><\/figure>\n\n\n\n<figure class=\"wp-block-image size-large\"><a href=\"http:\/\/milanedl.cz\/wp-content\/uploads\/2022\/09\/Slavnostni-vedecka-rada-ZCU-2017.jpeg\"><img loading=\"lazy\" width=\"960\" height=\"561\" data-id=\"798\"  src=\"http:\/\/milanedl.cz\/wp-content\/uploads\/2022\/09\/Slavnostni-vedecka-rada-ZCU-2017.jpeg\" alt=\"\" class=\"wp-image-798\" srcset=\"http:\/\/milanedl.cz\/wp-content\/uploads\/2022\/09\/Slavnostni-vedecka-rada-ZCU-2017.jpeg 960w, http:\/\/milanedl.cz\/wp-content\/uploads\/2022\/09\/Slavnostni-vedecka-rada-ZCU-2017-300x175.jpeg 300w, http:\/\/milanedl.cz\/wp-content\/uploads\/2022\/09\/Slavnostni-vedecka-rada-ZCU-2017-768x449.jpeg 768w\" sizes=\"(max-width: 960px) 100vw, 960px\" \/><\/a><figcaption>Slavnostn\u00ed v\u011bdeck\u00e1 rada Z\u010cU (2017)<\/figcaption><\/figure>\n\n\n\n<figure class=\"wp-block-image size-large\"><a href=\"http:\/\/milanedl.cz\/wp-content\/uploads\/2022\/09\/Slavnostni-Vedecka-rada-Fakulty-strojni-k-65.-vyroci-zalozeni-fakulty-2019.jpeg\"><img loading=\"lazy\" width=\"1680\" height=\"1120\" data-id=\"796\"  src=\"http:\/\/milanedl.cz\/wp-content\/uploads\/2022\/09\/Slavnostni-Vedecka-rada-Fakulty-strojni-k-65.-vyroci-zalozeni-fakulty-2019.jpeg\" alt=\"\" class=\"wp-image-796\" srcset=\"http:\/\/milanedl.cz\/wp-content\/uploads\/2022\/09\/Slavnostni-Vedecka-rada-Fakulty-strojni-k-65.-vyroci-zalozeni-fakulty-2019.jpeg 1680w, http:\/\/milanedl.cz\/wp-content\/uploads\/2022\/09\/Slavnostni-Vedecka-rada-Fakulty-strojni-k-65.-vyroci-zalozeni-fakulty-2019-300x200.jpeg 300w, http:\/\/milanedl.cz\/wp-content\/uploads\/2022\/09\/Slavnostni-Vedecka-rada-Fakulty-strojni-k-65.-vyroci-zalozeni-fakulty-2019-1024x683.jpeg 1024w, http:\/\/milanedl.cz\/wp-content\/uploads\/2022\/09\/Slavnostni-Vedecka-rada-Fakulty-strojni-k-65.-vyroci-zalozeni-fakulty-2019-768x512.jpeg 768w, http:\/\/milanedl.cz\/wp-content\/uploads\/2022\/09\/Slavnostni-Vedecka-rada-Fakulty-strojni-k-65.-vyroci-zalozeni-fakulty-2019-1536x1024.jpeg 1536w\" sizes=\"(max-width: 1680px) 100vw, 1680px\" \/><\/a><figcaption>Slavnostn\u00ed V\u011bdeck\u00e1 rada Fakulty strojn\u00ed k 65. v\u00fdro\u010d\u00ed zalo\u017een\u00ed fakulty (2019)<\/figcaption><\/figure>\n\n\n\n<figure class=\"wp-block-image size-large\"><a href=\"http:\/\/milanedl.cz\/wp-content\/uploads\/2022\/09\/Slavnostni-Vedecka-rada-Fakulty-strojni-VSB-TUO-2021.jpeg\"><img loading=\"lazy\" width=\"1255\" height=\"769\" data-id=\"797\"  src=\"http:\/\/milanedl.cz\/wp-content\/uploads\/2022\/09\/Slavnostni-Vedecka-rada-Fakulty-strojni-VSB-TUO-2021.jpeg\" alt=\"\" class=\"wp-image-797\" srcset=\"http:\/\/milanedl.cz\/wp-content\/uploads\/2022\/09\/Slavnostni-Vedecka-rada-Fakulty-strojni-VSB-TUO-2021.jpeg 1255w, http:\/\/milanedl.cz\/wp-content\/uploads\/2022\/09\/Slavnostni-Vedecka-rada-Fakulty-strojni-VSB-TUO-2021-300x184.jpeg 300w, http:\/\/milanedl.cz\/wp-content\/uploads\/2022\/09\/Slavnostni-Vedecka-rada-Fakulty-strojni-VSB-TUO-2021-1024x627.jpeg 1024w, http:\/\/milanedl.cz\/wp-content\/uploads\/2022\/09\/Slavnostni-Vedecka-rada-Fakulty-strojni-VSB-TUO-2021-768x471.jpeg 768w, http:\/\/milanedl.cz\/wp-content\/uploads\/2022\/09\/Slavnostni-Vedecka-rada-Fakulty-strojni-VSB-TUO-2021-750x460.jpeg 750w\" sizes=\"(max-width: 1255px) 100vw, 1255px\" \/><\/a><figcaption>Slavnostn\u00ed V\u011bdeck\u00e1 rada Fakulty strojn\u00ed V\u0160B TUO (2021)<\/figcaption><\/figure>\n\n\n\n<figure class=\"wp-block-image size-large\"><a href=\"http:\/\/milanedl.cz\/wp-content\/uploads\/2022\/09\/Spolecna-jednani-na-ZCU-se-zastupci-MPO-2021.jpeg\"><img loading=\"lazy\" width=\"960\" height=\"720\" data-id=\"800\"  src=\"http:\/\/milanedl.cz\/wp-content\/uploads\/2022\/09\/Spolecna-jednani-na-ZCU-se-zastupci-MPO-2021.jpeg\" alt=\"\" class=\"wp-image-800\" srcset=\"http:\/\/milanedl.cz\/wp-content\/uploads\/2022\/09\/Spolecna-jednani-na-ZCU-se-zastupci-MPO-2021.jpeg 960w, http:\/\/milanedl.cz\/wp-content\/uploads\/2022\/09\/Spolecna-jednani-na-ZCU-se-zastupci-MPO-2021-300x225.jpeg 300w, http:\/\/milanedl.cz\/wp-content\/uploads\/2022\/09\/Spolecna-jednani-na-ZCU-se-zastupci-MPO-2021-768x576.jpeg 768w\" sizes=\"(max-width: 960px) 100vw, 960px\" \/><\/a><figcaption>Spole\u010dn\u00e1 jedn\u00e1n\u00ed na Z\u010cU se z\u00e1stupci MPO (2021)<\/figcaption><\/figure>\n\n\n\n<figure class=\"wp-block-image size-large\"><a href=\"http:\/\/milanedl.cz\/wp-content\/uploads\/2022\/09\/Spolecna-fotografie-se-studenty-pri-promoci-FST-2021.jpeg\"><img loading=\"lazy\" width=\"960\" height=\"720\" data-id=\"799\"  src=\"http:\/\/milanedl.cz\/wp-content\/uploads\/2022\/09\/Spolecna-fotografie-se-studenty-pri-promoci-FST-2021.jpeg\" alt=\"\" class=\"wp-image-799\" srcset=\"http:\/\/milanedl.cz\/wp-content\/uploads\/2022\/09\/Spolecna-fotografie-se-studenty-pri-promoci-FST-2021.jpeg 960w, http:\/\/milanedl.cz\/wp-content\/uploads\/2022\/09\/Spolecna-fotografie-se-studenty-pri-promoci-FST-2021-300x225.jpeg 300w, http:\/\/milanedl.cz\/wp-content\/uploads\/2022\/09\/Spolecna-fotografie-se-studenty-pri-promoci-FST-2021-768x576.jpeg 768w\" sizes=\"(max-width: 960px) 100vw, 960px\" \/><\/a><figcaption>Spole\u010dn\u00e1 fotografie se studenty p\u0159i promoci FST (2021)<\/figcaption><\/figure>\n\n\n\n<figure class=\"wp-block-image size-large is-style-default\"><a href=\"http:\/\/milanedl.cz\/wp-content\/uploads\/2022\/09\/Skupina-prumyslovych-inzenyru-ucitele-a-jejich-zaci-2013.jpeg\"><img loading=\"lazy\" width=\"960\" height=\"720\" data-id=\"795\"  src=\"http:\/\/milanedl.cz\/wp-content\/uploads\/2022\/09\/Skupina-prumyslovych-inzenyru-ucitele-a-jejich-zaci-2013.jpeg\" alt=\"\" class=\"wp-image-795\" srcset=\"http:\/\/milanedl.cz\/wp-content\/uploads\/2022\/09\/Skupina-prumyslovych-inzenyru-ucitele-a-jejich-zaci-2013.jpeg 960w, http:\/\/milanedl.cz\/wp-content\/uploads\/2022\/09\/Skupina-prumyslovych-inzenyru-ucitele-a-jejich-zaci-2013-300x225.jpeg 300w, http:\/\/milanedl.cz\/wp-content\/uploads\/2022\/09\/Skupina-prumyslovych-inzenyru-ucitele-a-jejich-zaci-2013-768x576.jpeg 768w\" sizes=\"(max-width: 960px) 100vw, 960px\" \/><\/a><figcaption>Skupina pr\u016fmyslov\u00fdch in\u017een\u00fdr\u016f &#8211; u\u010ditel\u00e9 a jejich \u017e\u00e1ci (2013)<\/figcaption><\/figure>\n\n\n\n<figure class=\"wp-block-image size-large\"><a href=\"http:\/\/milanedl.cz\/wp-content\/uploads\/2022\/09\/Setkani-peti-deknu-z-CR-Polska-a-Ukrajiny-2018.jpeg\"><img loading=\"lazy\" width=\"960\" height=\"720\" data-id=\"794\"  src=\"http:\/\/milanedl.cz\/wp-content\/uploads\/2022\/09\/Setkani-peti-deknu-z-CR-Polska-a-Ukrajiny-2018.jpeg\" alt=\"\" class=\"wp-image-794\" srcset=\"http:\/\/milanedl.cz\/wp-content\/uploads\/2022\/09\/Setkani-peti-deknu-z-CR-Polska-a-Ukrajiny-2018.jpeg 960w, http:\/\/milanedl.cz\/wp-content\/uploads\/2022\/09\/Setkani-peti-deknu-z-CR-Polska-a-Ukrajiny-2018-300x225.jpeg 300w, http:\/\/milanedl.cz\/wp-content\/uploads\/2022\/09\/Setkani-peti-deknu-z-CR-Polska-a-Ukrajiny-2018-768x576.jpeg 768w\" sizes=\"(max-width: 960px) 100vw, 960px\" \/><\/a><figcaption>Setk\u00e1n\u00ed p\u011bti d\u011bkan\u016f z \u010cR, Polska a Ukrajiny (2018)<\/figcaption><\/figure>\n\n\n\n<figure class=\"wp-block-image size-large\"><a href=\"http:\/\/milanedl.cz\/wp-content\/uploads\/2022\/09\/Setkani-dekanu-strojnich-fakult-z-CR-a-SR-Plzen-2016.jpeg\"><img loading=\"lazy\" width=\"960\" height=\"540\" data-id=\"793\"  src=\"http:\/\/milanedl.cz\/wp-content\/uploads\/2022\/09\/Setkani-dekanu-strojnich-fakult-z-CR-a-SR-Plzen-2016.jpeg\" alt=\"\" class=\"wp-image-793\" srcset=\"http:\/\/milanedl.cz\/wp-content\/uploads\/2022\/09\/Setkani-dekanu-strojnich-fakult-z-CR-a-SR-Plzen-2016.jpeg 960w, http:\/\/milanedl.cz\/wp-content\/uploads\/2022\/09\/Setkani-dekanu-strojnich-fakult-z-CR-a-SR-Plzen-2016-300x169.jpeg 300w, http:\/\/milanedl.cz\/wp-content\/uploads\/2022\/09\/Setkani-dekanu-strojnich-fakult-z-CR-a-SR-Plzen-2016-768x432.jpeg 768w\" sizes=\"(max-width: 960px) 100vw, 960px\" \/><\/a><figcaption>Setk\u00e1n\u00ed d\u011bkan\u016f strojn\u00edch fakult  z \u010cR a SR &#8211; Plze\u0148 (2016)<\/figcaption><\/figure>\n\n\n\n<figure class=\"wp-block-image size-large\"><a href=\"http:\/\/milanedl.cz\/wp-content\/uploads\/2022\/09\/Setkani-a-jednani-o-spolupraci-zastupcu-ukrajinskych-univerzit-Charkov-Sumy-IvanoFramkovsk-Lvov-Lutsk-Kramatorsk-Odesa-Vinice-2018.jpeg\"><img loading=\"lazy\" width=\"960\" height=\"720\" data-id=\"792\"  src=\"http:\/\/milanedl.cz\/wp-content\/uploads\/2022\/09\/Setkani-a-jednani-o-spolupraci-zastupcu-ukrajinskych-univerzit-Charkov-Sumy-IvanoFramkovsk-Lvov-Lutsk-Kramatorsk-Odesa-Vinice-2018.jpeg\" alt=\"\" class=\"wp-image-792\" srcset=\"http:\/\/milanedl.cz\/wp-content\/uploads\/2022\/09\/Setkani-a-jednani-o-spolupraci-zastupcu-ukrajinskych-univerzit-Charkov-Sumy-IvanoFramkovsk-Lvov-Lutsk-Kramatorsk-Odesa-Vinice-2018.jpeg 960w, http:\/\/milanedl.cz\/wp-content\/uploads\/2022\/09\/Setkani-a-jednani-o-spolupraci-zastupcu-ukrajinskych-univerzit-Charkov-Sumy-IvanoFramkovsk-Lvov-Lutsk-Kramatorsk-Odesa-Vinice-2018-300x225.jpeg 300w, http:\/\/milanedl.cz\/wp-content\/uploads\/2022\/09\/Setkani-a-jednani-o-spolupraci-zastupcu-ukrajinskych-univerzit-Charkov-Sumy-IvanoFramkovsk-Lvov-Lutsk-Kramatorsk-Odesa-Vinice-2018-768x576.jpeg 768w\" sizes=\"(max-width: 960px) 100vw, 960px\" \/><\/a><figcaption>Setk\u00e1n\u00ed a jedn\u00e1n\u00ed o spolupr\u00e1ci z\u00e1stupc\u016f ukrajinsk\u00fdch univerzit (Charkov, Sumy, IvanoFramkovsk, Lvov, Lutsk, Kramatorsk, Odesa, Vinice) (2018).<\/figcaption><\/figure>\n\n\n\n<figure class=\"wp-block-image size-large\"><a href=\"http:\/\/milanedl.cz\/wp-content\/uploads\/2022\/09\/Prebirani-ceny-TACR-2017.jpeg\"><img loading=\"lazy\" width=\"960\" height=\"640\" data-id=\"791\"  src=\"http:\/\/milanedl.cz\/wp-content\/uploads\/2022\/09\/Prebirani-ceny-TACR-2017.jpeg\" alt=\"\" class=\"wp-image-791\" srcset=\"http:\/\/milanedl.cz\/wp-content\/uploads\/2022\/09\/Prebirani-ceny-TACR-2017.jpeg 960w, http:\/\/milanedl.cz\/wp-content\/uploads\/2022\/09\/Prebirani-ceny-TACR-2017-300x200.jpeg 300w, http:\/\/milanedl.cz\/wp-content\/uploads\/2022\/09\/Prebirani-ceny-TACR-2017-768x512.jpeg 768w\" sizes=\"(max-width: 960px) 100vw, 960px\" \/><\/a><figcaption>P\u0159eb\u00edr\u00e1n\u00ed ceny TA\u010cR (2017)<\/figcaption><\/figure>\n<\/figure>\n\n\n\n<figure class=\"wp-container-4 wp-block-gallery-3 wp-block-gallery has-nested-images columns-default is-cropped\">\n<figure class=\"wp-block-image size-large\"><a href=\"http:\/\/milanedl.cz\/wp-content\/uploads\/2022\/09\/Promoce-na-FST-2017.jpeg\"><img loading=\"lazy\" width=\"414\" height=\"414\" data-id=\"786\"  src=\"http:\/\/milanedl.cz\/wp-content\/uploads\/2022\/09\/Promoce-na-FST-2017.jpeg\" alt=\"\" class=\"wp-image-786\" srcset=\"http:\/\/milanedl.cz\/wp-content\/uploads\/2022\/09\/Promoce-na-FST-2017.jpeg 414w, http:\/\/milanedl.cz\/wp-content\/uploads\/2022\/09\/Promoce-na-FST-2017-300x300.jpeg 300w, http:\/\/milanedl.cz\/wp-content\/uploads\/2022\/09\/Promoce-na-FST-2017-150x150.jpeg 150w, http:\/\/milanedl.cz\/wp-content\/uploads\/2022\/09\/Promoce-na-FST-2017-293x293.jpeg 293w, http:\/\/milanedl.cz\/wp-content\/uploads\/2022\/09\/Promoce-na-FST-2017-111x111.jpeg 111w\" sizes=\"(max-width: 414px) 100vw, 414px\" \/><\/a><figcaption>Promoce na FST (2017)<\/figcaption><\/figure>\n\n\n\n<figure class=\"wp-block-image size-large\"><a href=\"http:\/\/milanedl.cz\/wp-content\/uploads\/2022\/09\/Podpis-smlouvy-o-spolupraci-s-BMW-Plzen-2.jpeg\"><img loading=\"lazy\" width=\"2048\" height=\"1365\" data-id=\"785\"  src=\"http:\/\/milanedl.cz\/wp-content\/uploads\/2022\/09\/Podpis-smlouvy-o-spolupraci-s-BMW-Plzen-2.jpeg\" alt=\"\" class=\"wp-image-785\" srcset=\"http:\/\/milanedl.cz\/wp-content\/uploads\/2022\/09\/Podpis-smlouvy-o-spolupraci-s-BMW-Plzen-2.jpeg 2048w, http:\/\/milanedl.cz\/wp-content\/uploads\/2022\/09\/Podpis-smlouvy-o-spolupraci-s-BMW-Plzen-2-300x200.jpeg 300w, http:\/\/milanedl.cz\/wp-content\/uploads\/2022\/09\/Podpis-smlouvy-o-spolupraci-s-BMW-Plzen-2-1024x683.jpeg 1024w, http:\/\/milanedl.cz\/wp-content\/uploads\/2022\/09\/Podpis-smlouvy-o-spolupraci-s-BMW-Plzen-2-768x512.jpeg 768w, http:\/\/milanedl.cz\/wp-content\/uploads\/2022\/09\/Podpis-smlouvy-o-spolupraci-s-BMW-Plzen-2-1536x1024.jpeg 1536w\" sizes=\"(max-width: 2048px) 100vw, 2048px\" \/><\/a><figcaption>Podpis smlouvy o spolupr\u00e1ci s BMW &#8211; Plze\u0148 (2)<\/figcaption><\/figure>\n\n\n\n<figure class=\"wp-block-image size-large\"><a href=\"http:\/\/milanedl.cz\/wp-content\/uploads\/2022\/09\/Kick-off-meeting-projektu-University-of-Varkaus-Finsko-2009.jpeg\"><img loading=\"lazy\" width=\"414\" height=\"414\" data-id=\"783\"  src=\"http:\/\/milanedl.cz\/wp-content\/uploads\/2022\/09\/Kick-off-meeting-projektu-University-of-Varkaus-Finsko-2009.jpeg\" alt=\"\" class=\"wp-image-783\" srcset=\"http:\/\/milanedl.cz\/wp-content\/uploads\/2022\/09\/Kick-off-meeting-projektu-University-of-Varkaus-Finsko-2009.jpeg 414w, http:\/\/milanedl.cz\/wp-content\/uploads\/2022\/09\/Kick-off-meeting-projektu-University-of-Varkaus-Finsko-2009-300x300.jpeg 300w, http:\/\/milanedl.cz\/wp-content\/uploads\/2022\/09\/Kick-off-meeting-projektu-University-of-Varkaus-Finsko-2009-150x150.jpeg 150w, http:\/\/milanedl.cz\/wp-content\/uploads\/2022\/09\/Kick-off-meeting-projektu-University-of-Varkaus-Finsko-2009-293x293.jpeg 293w, http:\/\/milanedl.cz\/wp-content\/uploads\/2022\/09\/Kick-off-meeting-projektu-University-of-Varkaus-Finsko-2009-111x111.jpeg 111w\" sizes=\"(max-width: 414px) 100vw, 414px\" \/><\/a><figcaption>Kick-off meeting projektu University of Varkaus &#8211; Finsko (2009)<\/figcaption><\/figure>\n\n\n\n<figure class=\"wp-block-image size-large\"><a href=\"http:\/\/milanedl.cz\/wp-content\/uploads\/2022\/09\/Podpis-smlouvy-o-spolupraci-s-BMW-Plzen-1.jpeg\"><img loading=\"lazy\" width=\"2048\" height=\"1365\" data-id=\"784\"  src=\"http:\/\/milanedl.cz\/wp-content\/uploads\/2022\/09\/Podpis-smlouvy-o-spolupraci-s-BMW-Plzen-1.jpeg\" alt=\"\" class=\"wp-image-784\" srcset=\"http:\/\/milanedl.cz\/wp-content\/uploads\/2022\/09\/Podpis-smlouvy-o-spolupraci-s-BMW-Plzen-1.jpeg 2048w, http:\/\/milanedl.cz\/wp-content\/uploads\/2022\/09\/Podpis-smlouvy-o-spolupraci-s-BMW-Plzen-1-300x200.jpeg 300w, http:\/\/milanedl.cz\/wp-content\/uploads\/2022\/09\/Podpis-smlouvy-o-spolupraci-s-BMW-Plzen-1-1024x683.jpeg 1024w, http:\/\/milanedl.cz\/wp-content\/uploads\/2022\/09\/Podpis-smlouvy-o-spolupraci-s-BMW-Plzen-1-768x512.jpeg 768w, http:\/\/milanedl.cz\/wp-content\/uploads\/2022\/09\/Podpis-smlouvy-o-spolupraci-s-BMW-Plzen-1-1536x1024.jpeg 1536w\" sizes=\"(max-width: 2048px) 100vw, 2048px\" \/><\/a><figcaption>Podpis smlouvy o spolupr\u00e1ci s BMW &#8211; Plze\u0148 (1)<\/figcaption><\/figure>\n\n\n\n<figure class=\"wp-block-image size-large\"><a href=\"http:\/\/milanedl.cz\/wp-content\/uploads\/2022\/09\/Jednani-o-spolupraci-se-zastupci-Technical-University-of-Cluj-Napoca-Rumunsko-2022.jpeg\"><img loading=\"lazy\" width=\"2048\" height=\"1536\" data-id=\"781\"  src=\"http:\/\/milanedl.cz\/wp-content\/uploads\/2022\/09\/Jednani-o-spolupraci-se-zastupci-Technical-University-of-Cluj-Napoca-Rumunsko-2022.jpeg\" alt=\"\" class=\"wp-image-781\" srcset=\"http:\/\/milanedl.cz\/wp-content\/uploads\/2022\/09\/Jednani-o-spolupraci-se-zastupci-Technical-University-of-Cluj-Napoca-Rumunsko-2022.jpeg 2048w, http:\/\/milanedl.cz\/wp-content\/uploads\/2022\/09\/Jednani-o-spolupraci-se-zastupci-Technical-University-of-Cluj-Napoca-Rumunsko-2022-300x225.jpeg 300w, http:\/\/milanedl.cz\/wp-content\/uploads\/2022\/09\/Jednani-o-spolupraci-se-zastupci-Technical-University-of-Cluj-Napoca-Rumunsko-2022-1024x768.jpeg 1024w, http:\/\/milanedl.cz\/wp-content\/uploads\/2022\/09\/Jednani-o-spolupraci-se-zastupci-Technical-University-of-Cluj-Napoca-Rumunsko-2022-768x576.jpeg 768w, http:\/\/milanedl.cz\/wp-content\/uploads\/2022\/09\/Jednani-o-spolupraci-se-zastupci-Technical-University-of-Cluj-Napoca-Rumunsko-2022-1536x1152.jpeg 1536w\" sizes=\"(max-width: 2048px) 100vw, 2048px\" \/><\/a><figcaption>Jedn\u00e1n\u00ed o spolupr\u00e1ci se z\u00e1stupci Technical University of Cluj-Napoca &#8211; Rumunsko (2022)<\/figcaption><\/figure>\n\n\n\n<figure class=\"wp-block-image size-large\"><a href=\"http:\/\/milanedl.cz\/wp-content\/uploads\/2022\/09\/Jednani-s-velvyslancem-v-Ouagadougou-Burkina-Faso-2021.jpeg\"><img loading=\"lazy\" width=\"774\" height=\"781\" data-id=\"782\"  src=\"http:\/\/milanedl.cz\/wp-content\/uploads\/2022\/09\/Jednani-s-velvyslancem-v-Ouagadougou-Burkina-Faso-2021.jpeg\" alt=\"\" class=\"wp-image-782\" srcset=\"http:\/\/milanedl.cz\/wp-content\/uploads\/2022\/09\/Jednani-s-velvyslancem-v-Ouagadougou-Burkina-Faso-2021.jpeg 774w, http:\/\/milanedl.cz\/wp-content\/uploads\/2022\/09\/Jednani-s-velvyslancem-v-Ouagadougou-Burkina-Faso-2021-297x300.jpeg 297w, http:\/\/milanedl.cz\/wp-content\/uploads\/2022\/09\/Jednani-s-velvyslancem-v-Ouagadougou-Burkina-Faso-2021-150x150.jpeg 150w, http:\/\/milanedl.cz\/wp-content\/uploads\/2022\/09\/Jednani-s-velvyslancem-v-Ouagadougou-Burkina-Faso-2021-768x775.jpeg 768w, http:\/\/milanedl.cz\/wp-content\/uploads\/2022\/09\/Jednani-s-velvyslancem-v-Ouagadougou-Burkina-Faso-2021-111x111.jpeg 111w\" sizes=\"(max-width: 774px) 100vw, 774px\" \/><\/a><figcaption>Jedn\u00e1n\u00ed s velvyslancem v Ouagadougou &#8211; Burkina Faso (2021)<\/figcaption><\/figure>\n\n\n\n<figure class=\"wp-block-image size-large\"><a href=\"http:\/\/milanedl.cz\/wp-content\/uploads\/2022\/09\/Jednani-o-spolupraci-s-rektorem-na-Obuda-University-Budapest-2022.jpeg\"><img loading=\"lazy\" width=\"405\" height=\"405\" data-id=\"780\"  src=\"http:\/\/milanedl.cz\/wp-content\/uploads\/2022\/09\/Jednani-o-spolupraci-s-rektorem-na-Obuda-University-Budapest-2022.jpeg\" alt=\"\" class=\"wp-image-780\" srcset=\"http:\/\/milanedl.cz\/wp-content\/uploads\/2022\/09\/Jednani-o-spolupraci-s-rektorem-na-Obuda-University-Budapest-2022.jpeg 405w, http:\/\/milanedl.cz\/wp-content\/uploads\/2022\/09\/Jednani-o-spolupraci-s-rektorem-na-Obuda-University-Budapest-2022-300x300.jpeg 300w, http:\/\/milanedl.cz\/wp-content\/uploads\/2022\/09\/Jednani-o-spolupraci-s-rektorem-na-Obuda-University-Budapest-2022-150x150.jpeg 150w, http:\/\/milanedl.cz\/wp-content\/uploads\/2022\/09\/Jednani-o-spolupraci-s-rektorem-na-Obuda-University-Budapest-2022-293x293.jpeg 293w, http:\/\/milanedl.cz\/wp-content\/uploads\/2022\/09\/Jednani-o-spolupraci-s-rektorem-na-Obuda-University-Budapest-2022-111x111.jpeg 111w\" sizes=\"(max-width: 405px) 100vw, 405px\" \/><\/a><figcaption>Jedn\u00e1n\u00ed o spolupr\u00e1ci s rektorem na Obuda University &#8211; Budapest (2022)<\/figcaption><\/figure>\n\n\n\n<figure class=\"wp-block-image size-large\"><a href=\"http:\/\/milanedl.cz\/wp-content\/uploads\/2022\/09\/Jednani-o-spolupraci-s-predstaviteli-ukrajinskych-univerzit-Kyjev-2017.jpeg\"><img loading=\"lazy\" width=\"1200\" height=\"597\" data-id=\"779\"  src=\"http:\/\/milanedl.cz\/wp-content\/uploads\/2022\/09\/Jednani-o-spolupraci-s-predstaviteli-ukrajinskych-univerzit-Kyjev-2017.jpeg\" alt=\"\" class=\"wp-image-779\" srcset=\"http:\/\/milanedl.cz\/wp-content\/uploads\/2022\/09\/Jednani-o-spolupraci-s-predstaviteli-ukrajinskych-univerzit-Kyjev-2017.jpeg 1200w, http:\/\/milanedl.cz\/wp-content\/uploads\/2022\/09\/Jednani-o-spolupraci-s-predstaviteli-ukrajinskych-univerzit-Kyjev-2017-300x149.jpeg 300w, http:\/\/milanedl.cz\/wp-content\/uploads\/2022\/09\/Jednani-o-spolupraci-s-predstaviteli-ukrajinskych-univerzit-Kyjev-2017-1024x509.jpeg 1024w, http:\/\/milanedl.cz\/wp-content\/uploads\/2022\/09\/Jednani-o-spolupraci-s-predstaviteli-ukrajinskych-univerzit-Kyjev-2017-768x382.jpeg 768w\" sizes=\"(max-width: 1200px) 100vw, 1200px\" \/><\/a><figcaption>Jedn\u00e1n\u00ed o spolupr\u00e1ci s p\u0159edstaviteli ukrajinsk\u00fdch univerzit &#8211; Kyjev (2017)<\/figcaption><\/figure>\n\n\n\n<figure class=\"wp-block-image size-large\"><a href=\"http:\/\/milanedl.cz\/wp-content\/uploads\/2022\/09\/Jednani-o-spolupraci-s-ministrem-MPO-2019.jpeg\"><img loading=\"lazy\" width=\"960\" height=\"640\" data-id=\"778\"  src=\"http:\/\/milanedl.cz\/wp-content\/uploads\/2022\/09\/Jednani-o-spolupraci-s-ministrem-MPO-2019.jpeg\" alt=\"\" class=\"wp-image-778\" srcset=\"http:\/\/milanedl.cz\/wp-content\/uploads\/2022\/09\/Jednani-o-spolupraci-s-ministrem-MPO-2019.jpeg 960w, http:\/\/milanedl.cz\/wp-content\/uploads\/2022\/09\/Jednani-o-spolupraci-s-ministrem-MPO-2019-300x200.jpeg 300w, http:\/\/milanedl.cz\/wp-content\/uploads\/2022\/09\/Jednani-o-spolupraci-s-ministrem-MPO-2019-768x512.jpeg 768w\" sizes=\"(max-width: 960px) 100vw, 960px\" \/><\/a><figcaption>Jedn\u00e1n\u00ed o spolupr\u00e1ci s ministrem MPO (2019)<\/figcaption><\/figure>\n\n\n\n<figure class=\"wp-block-image size-large\"><a href=\"http:\/\/milanedl.cz\/wp-content\/uploads\/2022\/09\/Jednani-o-spolupraci-s-generalnim-reditele-Skoda-JS-Frantiskem-Krckem-2021.jpeg\"><img loading=\"lazy\" width=\"2048\" height=\"1552\" data-id=\"776\"  src=\"http:\/\/milanedl.cz\/wp-content\/uploads\/2022\/09\/Jednani-o-spolupraci-s-generalnim-reditele-Skoda-JS-Frantiskem-Krckem-2021.jpeg\" alt=\"\" class=\"wp-image-776\" srcset=\"http:\/\/milanedl.cz\/wp-content\/uploads\/2022\/09\/Jednani-o-spolupraci-s-generalnim-reditele-Skoda-JS-Frantiskem-Krckem-2021.jpeg 2048w, http:\/\/milanedl.cz\/wp-content\/uploads\/2022\/09\/Jednani-o-spolupraci-s-generalnim-reditele-Skoda-JS-Frantiskem-Krckem-2021-300x227.jpeg 300w, http:\/\/milanedl.cz\/wp-content\/uploads\/2022\/09\/Jednani-o-spolupraci-s-generalnim-reditele-Skoda-JS-Frantiskem-Krckem-2021-1024x776.jpeg 1024w, http:\/\/milanedl.cz\/wp-content\/uploads\/2022\/09\/Jednani-o-spolupraci-s-generalnim-reditele-Skoda-JS-Frantiskem-Krckem-2021-768x582.jpeg 768w, http:\/\/milanedl.cz\/wp-content\/uploads\/2022\/09\/Jednani-o-spolupraci-s-generalnim-reditele-Skoda-JS-Frantiskem-Krckem-2021-1536x1164.jpeg 1536w\" sizes=\"(max-width: 2048px) 100vw, 2048px\" \/><\/a><figcaption>Jedn\u00e1n\u00ed o spolupr\u00e1ci s gener\u00e1ln\u00edm \u0159editele \u0160koda JS Franti\u0161kem Kr\u010dkem (2021)<\/figcaption><\/figure>\n\n\n\n<figure class=\"wp-block-image size-large\"><a href=\"http:\/\/milanedl.cz\/wp-content\/uploads\/2022\/09\/Jednani-o-spolupraci-s-generalnim-reditele-SMT-Romanem-Heide-2021.jpeg\"><img loading=\"lazy\" width=\"960\" height=\"644\" data-id=\"777\"  src=\"http:\/\/milanedl.cz\/wp-content\/uploads\/2022\/09\/Jednani-o-spolupraci-s-generalnim-reditele-SMT-Romanem-Heide-2021.jpeg\" alt=\"\" class=\"wp-image-777\" srcset=\"http:\/\/milanedl.cz\/wp-content\/uploads\/2022\/09\/Jednani-o-spolupraci-s-generalnim-reditele-SMT-Romanem-Heide-2021.jpeg 960w, http:\/\/milanedl.cz\/wp-content\/uploads\/2022\/09\/Jednani-o-spolupraci-s-generalnim-reditele-SMT-Romanem-Heide-2021-300x201.jpeg 300w, http:\/\/milanedl.cz\/wp-content\/uploads\/2022\/09\/Jednani-o-spolupraci-s-generalnim-reditele-SMT-Romanem-Heide-2021-768x515.jpeg 768w\" sizes=\"(max-width: 960px) 100vw, 960px\" \/><\/a><figcaption>Jedn\u00e1n\u00ed o spolupr\u00e1ci s gener\u00e1ln\u00edm \u0159editele \u0160MT Romanem Heide (2021)<\/figcaption><\/figure>\n\n\n\n<figure class=\"wp-block-image size-large\"><a href=\"http:\/\/milanedl.cz\/wp-content\/uploads\/2022\/09\/Jednani-o-spolupraci-na-Univerzita-of-Ouagadougou-Burkina_Faso-2021.jpeg\"><img loading=\"lazy\" width=\"1440\" height=\"1439\" data-id=\"775\"  src=\"http:\/\/milanedl.cz\/wp-content\/uploads\/2022\/09\/Jednani-o-spolupraci-na-Univerzita-of-Ouagadougou-Burkina_Faso-2021.jpeg\" alt=\"\" class=\"wp-image-775\" srcset=\"http:\/\/milanedl.cz\/wp-content\/uploads\/2022\/09\/Jednani-o-spolupraci-na-Univerzita-of-Ouagadougou-Burkina_Faso-2021.jpeg 1440w, http:\/\/milanedl.cz\/wp-content\/uploads\/2022\/09\/Jednani-o-spolupraci-na-Univerzita-of-Ouagadougou-Burkina_Faso-2021-300x300.jpeg 300w, http:\/\/milanedl.cz\/wp-content\/uploads\/2022\/09\/Jednani-o-spolupraci-na-Univerzita-of-Ouagadougou-Burkina_Faso-2021-1024x1024.jpeg 1024w, http:\/\/milanedl.cz\/wp-content\/uploads\/2022\/09\/Jednani-o-spolupraci-na-Univerzita-of-Ouagadougou-Burkina_Faso-2021-150x150.jpeg 150w, http:\/\/milanedl.cz\/wp-content\/uploads\/2022\/09\/Jednani-o-spolupraci-na-Univerzita-of-Ouagadougou-Burkina_Faso-2021-768x767.jpeg 768w, http:\/\/milanedl.cz\/wp-content\/uploads\/2022\/09\/Jednani-o-spolupraci-na-Univerzita-of-Ouagadougou-Burkina_Faso-2021-293x293.jpeg 293w, http:\/\/milanedl.cz\/wp-content\/uploads\/2022\/09\/Jednani-o-spolupraci-na-Univerzita-of-Ouagadougou-Burkina_Faso-2021-111x111.jpeg 111w\" sizes=\"(max-width: 1440px) 100vw, 1440px\" \/><\/a><figcaption>Jedn\u00e1n\u00ed o spolupr\u00e1ci na Univerzita of Ouagadougou &#8211; Burkina_Faso (2021)<\/figcaption><\/figure>\n\n\n\n<figure class=\"wp-block-image size-large\"><a href=\"http:\/\/milanedl.cz\/wp-content\/uploads\/2022\/09\/Exkurze-na-Jaderne-elektrarne-Temelin-2016.jpeg\"><img loading=\"lazy\" width=\"1280\" height=\"960\" data-id=\"774\"  src=\"http:\/\/milanedl.cz\/wp-content\/uploads\/2022\/09\/Exkurze-na-Jaderne-elektrarne-Temelin-2016.jpeg\" alt=\"\" class=\"wp-image-774\" srcset=\"http:\/\/milanedl.cz\/wp-content\/uploads\/2022\/09\/Exkurze-na-Jaderne-elektrarne-Temelin-2016.jpeg 1280w, http:\/\/milanedl.cz\/wp-content\/uploads\/2022\/09\/Exkurze-na-Jaderne-elektrarne-Temelin-2016-300x225.jpeg 300w, http:\/\/milanedl.cz\/wp-content\/uploads\/2022\/09\/Exkurze-na-Jaderne-elektrarne-Temelin-2016-1024x768.jpeg 1024w, http:\/\/milanedl.cz\/wp-content\/uploads\/2022\/09\/Exkurze-na-Jaderne-elektrarne-Temelin-2016-768x576.jpeg 768w\" sizes=\"(max-width: 1280px) 100vw, 1280px\" \/><\/a><figcaption>Exkurze na Jadern\u00e9 elektr\u00e1rn\u011b Temel\u00edn (2016)<\/figcaption><\/figure>\n\n\n\n<figure class=\"wp-block-image size-large\"><a href=\"http:\/\/milanedl.cz\/wp-content\/uploads\/2022\/09\/Chairman-konference-International-Conference-on-Design-Simulation-Manufacturin_-The-Innovation-Exchange-Lutsk-Ukrajina-2019.jpeg\"><img loading=\"lazy\" width=\"960\" height=\"540\" data-id=\"773\"  src=\"http:\/\/milanedl.cz\/wp-content\/uploads\/2022\/09\/Chairman-konference-International-Conference-on-Design-Simulation-Manufacturin_-The-Innovation-Exchange-Lutsk-Ukrajina-2019.jpeg\" alt=\"\" class=\"wp-image-773\" srcset=\"http:\/\/milanedl.cz\/wp-content\/uploads\/2022\/09\/Chairman-konference-International-Conference-on-Design-Simulation-Manufacturin_-The-Innovation-Exchange-Lutsk-Ukrajina-2019.jpeg 960w, http:\/\/milanedl.cz\/wp-content\/uploads\/2022\/09\/Chairman-konference-International-Conference-on-Design-Simulation-Manufacturin_-The-Innovation-Exchange-Lutsk-Ukrajina-2019-300x169.jpeg 300w, http:\/\/milanedl.cz\/wp-content\/uploads\/2022\/09\/Chairman-konference-International-Conference-on-Design-Simulation-Manufacturin_-The-Innovation-Exchange-Lutsk-Ukrajina-2019-768x432.jpeg 768w\" sizes=\"(max-width: 960px) 100vw, 960px\" \/><\/a><figcaption>Chairman konference International Conference on Design, Simulation, Manufacturin_ The Innovation Exchange (Lutsk Ukrajina)<\/figcaption><\/figure>\n\n\n\n<figure class=\"wp-block-image size-large\"><a href=\"http:\/\/milanedl.cz\/wp-content\/uploads\/2022\/09\/Jednani-Internacionalni-prumyslove-rady-2022.jpeg\"><img loading=\"lazy\" width=\"2048\" height=\"1280\" data-id=\"772\"  src=\"http:\/\/milanedl.cz\/wp-content\/uploads\/2022\/09\/Jednani-Internacionalni-prumyslove-rady-2022.jpeg\" alt=\"\" class=\"wp-image-772\" srcset=\"http:\/\/milanedl.cz\/wp-content\/uploads\/2022\/09\/Jednani-Internacionalni-prumyslove-rady-2022.jpeg 2048w, http:\/\/milanedl.cz\/wp-content\/uploads\/2022\/09\/Jednani-Internacionalni-prumyslove-rady-2022-300x188.jpeg 300w, http:\/\/milanedl.cz\/wp-content\/uploads\/2022\/09\/Jednani-Internacionalni-prumyslove-rady-2022-1024x640.jpeg 1024w, http:\/\/milanedl.cz\/wp-content\/uploads\/2022\/09\/Jednani-Internacionalni-prumyslove-rady-2022-768x480.jpeg 768w, http:\/\/milanedl.cz\/wp-content\/uploads\/2022\/09\/Jednani-Internacionalni-prumyslove-rady-2022-1536x960.jpeg 1536w\" sizes=\"(max-width: 2048px) 100vw, 2048px\" \/><\/a><figcaption>Jedn\u00e1n\u00ed Internacion\u00e1ln\u00ed pr\u016fmyslov\u00e9 rady (2022).<\/figcaption><\/figure>\n\n\n\n<figure class=\"wp-block-image size-large\"><a href=\"http:\/\/milanedl.cz\/wp-content\/uploads\/2022\/09\/Diskuze-30.-vyroci-Samtove-revoluce-Furth-im-Wald-2019.jpeg\"><img loading=\"lazy\" width=\"960\" height=\"640\" data-id=\"766\"  src=\"http:\/\/milanedl.cz\/wp-content\/uploads\/2022\/09\/Diskuze-30.-vyroci-Samtove-revoluce-Furth-im-Wald-2019.jpeg\" alt=\"\" class=\"wp-image-766\" srcset=\"http:\/\/milanedl.cz\/wp-content\/uploads\/2022\/09\/Diskuze-30.-vyroci-Samtove-revoluce-Furth-im-Wald-2019.jpeg 960w, http:\/\/milanedl.cz\/wp-content\/uploads\/2022\/09\/Diskuze-30.-vyroci-Samtove-revoluce-Furth-im-Wald-2019-300x200.jpeg 300w, http:\/\/milanedl.cz\/wp-content\/uploads\/2022\/09\/Diskuze-30.-vyroci-Samtove-revoluce-Furth-im-Wald-2019-768x512.jpeg 768w\" sizes=\"(max-width: 960px) 100vw, 960px\" \/><\/a><figcaption>Diskuze 30. v\u00fdro\u010d\u00ed Samtov\u00e9 revoluce &#8211; Furth im Wald (2019)<\/figcaption><\/figure>\n<\/figure>\n","protected":false},"excerpt":{"rendered":"","protected":false},"author":1,"featured_media":0,"parent":0,"menu_order":0,"comment_status":"closed","ping_status":"closed","template":"templates\/template-gallery.php","meta":[],"_links":{"self":[{"href":"http:\/\/milanedl.cz\/index.php?rest_route=\/wp\/v2\/pages\/430"}],"collection":[{"href":"http:\/\/milanedl.cz\/index.php?rest_route=\/wp\/v2\/pages"}],"about":[{"href":"http:\/\/milanedl.cz\/index.php?rest_route=\/wp\/v2\/types\/page"}],"author":[{"embeddable":true,"href":"http:\/\/milanedl.cz\/index.php?rest_route=\/wp\/v2\/users\/1"}],"replies":[{"embeddable":true,"href":"http:\/\/milanedl.cz\/index.php?rest_route=%2Fwp%2Fv2%2Fcomments&post=430"}],"version-history":[{"count":18,"href":"http:\/\/milanedl.cz\/index.php?rest_route=\/wp\/v2\/pages\/430\/revisions"}],"predecessor-version":[{"id":916,"href":"http:\/\/milanedl.cz\/index.php?rest_route=\/wp\/v2\/pages\/430\/revisions\/916"}],"wp:attachment":[{"href":"http:\/\/milanedl.cz\/index.php?rest_route=%2Fwp%2Fv2%2Fmedia&parent=430"}],"curies":[{"name":"wp","href":"https:\/\/api.w.org\/{rel}","templated":true}]}}